{"id":46,"date":"2020-08-20T18:08:41","date_gmt":"2020-08-20T18:08:41","guid":{"rendered":"https:\/\/www.elielfigueiredo.com.br\/?page_id=46"},"modified":"2024-07-12T02:16:06","modified_gmt":"2024-07-12T02:16:06","slug":"blog","status":"publish","type":"page","link":"https:\/\/www.elielfigueiredo.com.br\/index.php\/blog\/","title":{"rendered":"Blog"},"content":{"rendered":"<div class=\"fusion-fullwidth fullwidth-box fusion-builder-row-1 fusion-flex-container nonhundred-percent-fullwidth non-hundred-percent-height-scrolling\" style=\"--awb-border-radius-top-left:0px;--awb-border-radius-top-right:0px;--awb-border-radius-bottom-right:0px;--awb-border-radius-bottom-left:0px;--awb-padding-top:80px;--awb-padding-bottom:40px;--awb-padding-top-small:30px;--awb-padding-bottom-small:0px;\" ><div class=\"fusion-builder-row fusion-row fusion-flex-align-items-flex-start fusion-flex-justify-content-center\" style=\"max-width:1310.4px;margin-left: calc(-4% \/ 2 );margin-right: calc(-4% \/ 2 );\"><div class=\"fusion-layout-column fusion_builder_column fusion-builder-column-0 fusion_builder_column_5_6 5_6 fusion-flex-column\" style=\"--awb-bg-size:cover;--awb-width-large:83.333333333333%;--awb-margin-top-large:20px;--awb-spacing-right-large:2.304%;--awb-margin-bottom-large:20px;--awb-spacing-left-large:2.304%;--awb-width-medium:83.333333333333%;--awb-order-medium:1;--awb-spacing-right-medium:2.304%;--awb-spacing-left-medium:2.304%;--awb-width-small:100%;--awb-order-small:1;--awb-spacing-right-small:1.92%;--awb-margin-bottom-small:0px;--awb-spacing-left-small:1.92%;\"><div class=\"fusion-column-wrapper fusion-column-has-shadow fusion-flex-justify-content-flex-start fusion-content-layout-column\"><div class=\"fusion-blog-shortcode fusion-blog-shortcode-1 fusion-blog-archive fusion-blog-layout-grid-wrapper fusion-blog-pagination\"><style type=\"text\/css\">.fusion-blog-shortcode-1 .fusion-blog-layout-grid .fusion-post-grid{padding:20px;}.fusion-blog-shortcode-1 .fusion-posts-container{margin-left: -20px !important; margin-right:-20px !important;}<\/style><div class=\"fusion-posts-container fusion-posts-container-pagination fusion-blog-rollover fusion-blog-layout-grid fusion-blog-layout-grid-3 isotope\" data-pages=\"1\" data-grid-col-space=\"40\" style=\"margin: -20px -20px 0;min-height:500px;\"><article id=\"blog-1-post-1001\" class=\"fusion-post-grid post-1001 post type-post status-publish format-standard has-post-thumbnail hentry category-doencas\">\n<div class=\"fusion-post-wrapper\" style=\"background-color:rgba(255,255,255,0);border:none;\">\n\n\t\t\t<div class=\"fusion-flexslider flexslider fusion-flexslider-loading fusion-post-slideshow\" style=\"border-color:rgba(255,255,255,0);\">\n\t\t<ul class=\"slides\">\n\t\t\t\n\t\t\t\t\t\t\t\t\t\t\t\t\t\t<li><div  class=\"fusion-image-wrapper\" aria-haspopup=\"true\">\n\t\t\t\t<img fetchpriority=\"high\" decoding=\"async\" width=\"1200\" height=\"800\" src=\"https:\/\/i0.wp.com\/www.elielfigueiredo.com.br\/wp-content\/uploads\/2020\/09\/remedio-para-asma-telemedicina-morsch.jpg?fit=1200%2C800&amp;ssl=1\" class=\"attachment-full size-full lazyload wp-post-image\" alt=\"\" srcset=\"data:image\/svg+xml,%3Csvg%20xmlns%3D%27http%3A%2F%2Fwww.w3.org%2F2000%2Fsvg%27%20width%3D%271200%27%20height%3D%27800%27%20viewBox%3D%270%200%201200%20800%27%3E%3Crect%20width%3D%271200%27%20height%3D%27800%27%20fill-opacity%3D%220%22%2F%3E%3C%2Fsvg%3E\" data-orig-src=\"https:\/\/i0.wp.com\/www.elielfigueiredo.com.br\/wp-content\/uploads\/2020\/09\/remedio-para-asma-telemedicina-morsch.jpg?fit=1200%2C800&amp;ssl=1\" data-srcset=\"https:\/\/i0.wp.com\/www.elielfigueiredo.com.br\/wp-content\/uploads\/2020\/09\/remedio-para-asma-telemedicina-morsch.jpg?resize=200%2C133&amp;ssl=1 200w, https:\/\/i0.wp.com\/www.elielfigueiredo.com.br\/wp-content\/uploads\/2020\/09\/remedio-para-asma-telemedicina-morsch.jpg?resize=300%2C200&amp;ssl=1 300w, https:\/\/i0.wp.com\/www.elielfigueiredo.com.br\/wp-content\/uploads\/2020\/09\/remedio-para-asma-telemedicina-morsch.jpg?resize=400%2C267&amp;ssl=1 400w, https:\/\/i0.wp.com\/www.elielfigueiredo.com.br\/wp-content\/uploads\/2020\/09\/remedio-para-asma-telemedicina-morsch.jpg?resize=600%2C400&amp;ssl=1 600w, https:\/\/i0.wp.com\/www.elielfigueiredo.com.br\/wp-content\/uploads\/2020\/09\/remedio-para-asma-telemedicina-morsch.jpg?resize=768%2C512&amp;ssl=1 768w, https:\/\/i0.wp.com\/www.elielfigueiredo.com.br\/wp-content\/uploads\/2020\/09\/remedio-para-asma-telemedicina-morsch.jpg?resize=800%2C533&amp;ssl=1 800w, https:\/\/i0.wp.com\/www.elielfigueiredo.com.br\/wp-content\/uploads\/2020\/09\/remedio-para-asma-telemedicina-morsch.jpg?resize=1024%2C683&amp;ssl=1 1024w, https:\/\/i0.wp.com\/www.elielfigueiredo.com.br\/wp-content\/uploads\/2020\/09\/remedio-para-asma-telemedicina-morsch.jpg?fit=1200%2C800&amp;ssl=1 1200w\" data-sizes=\"auto\" \/><div class=\"fusion-rollover\">\n\t<div class=\"fusion-rollover-content\">\n\n\t\t\t\t\n\t\t\n\t\t\t\t\t\t\t\t\n\t\t\t\t\t\t\t\t\n\t\t\n\t\t\t\t\t\t<a class=\"fusion-link-wrapper\" href=\"https:\/\/www.elielfigueiredo.com.br\/index.php\/2024\/07\/01\/diretrizes-de-gerenciamento-de-asma-atualizacoes-focadas-2024\/\" aria-label=\"Diretrizes de Gerenciamento de Asma: Atualiza\u00e7\u00f5es Focadas 2024\"><\/a>\n\t<\/div>\n<\/div>\n<\/div>\n<\/li>\n\t\t\t\n\t\t\t\n\t\t\t\t\t\t\t\t\t\t\t\t\t\t\t\t\t\t\t\t\t\t\t\t\t\t\t\t\t\t\t\t\t\t\t\t\t\t\t\t\t\t\t\t\t\t\t\t\t\t\t\t\t\t\t\t\t\t\t\t\t\t\t\t\t\t\t\t<\/ul>\n\t<\/div>\n\t<div class=\"fusion-post-content-wrapper\" style=\"padding:30px 25px 0px 30px;\"><div class=\"fusion-post-content post-content\"><h2 class=\"blog-shortcode-post-title entry-title\"><a href=\"https:\/\/www.elielfigueiredo.com.br\/index.php\/2024\/07\/01\/diretrizes-de-gerenciamento-de-asma-atualizacoes-focadas-2024\/\">Diretrizes de Gerenciamento de Asma: Atualiza\u00e7\u00f5es Focadas 2024<\/a><\/h2><p class=\"fusion-single-line-meta\">By <span class=\"vcard\"><span class=\"fn\"><a href=\"https:\/\/www.elielfigueiredo.com.br\/index.php\/author\/sceweb\/\" title=\"Posts de admin\" rel=\"author\">admin<\/a><\/span><\/span><span class=\"fusion-inline-sep\">|<\/span><span class=\"updated\" style=\"display:none;\">2024-07-12T02:12:04+00:00<\/span><span>julho 1, 2024<\/span><span class=\"fusion-inline-sep\">|<\/span>Categories: <a href=\"https:\/\/www.elielfigueiredo.com.br\/index.php\/category\/doencas\/\" rel=\"category tag\">Doen\u00e7as<\/a><span class=\"fusion-inline-sep\">|<\/span><\/p><div class=\"fusion-content-sep sep-single sep-solid\"><\/div><div class=\"fusion-post-content-container\"><p>Curabitur ac leo nunc vestibulum mauris vel ante finibus maximus nec ut leo integer consectetur luctus.<\/p><\/div><\/div><div class=\"fusion-meta-info\"><div class=\"fusion-alignleft\"><a class=\"fusion-read-more\" href=\"https:\/\/www.elielfigueiredo.com.br\/index.php\/2024\/07\/01\/diretrizes-de-gerenciamento-de-asma-atualizacoes-focadas-2024\/\" aria-label=\"More on Diretrizes de Gerenciamento de Asma: Atualiza\u00e7\u00f5es Focadas 2024\">Read More<\/a><\/div><div class=\"fusion-alignright\"><a href=\"https:\/\/www.elielfigueiredo.com.br\/index.php\/2024\/07\/01\/diretrizes-de-gerenciamento-de-asma-atualizacoes-focadas-2024\/#respond\"><i class=\"awb-icon-bubbles\" aria-hidden=\"true\"><\/i>&nbsp;0<\/a><\/div><\/div><\/div><div class=\"fusion-clearfix\"><\/div><\/div>\n<\/article>\n<article id=\"blog-1-post-1003\" class=\"fusion-post-grid post-1003 post type-post status-publish format-standard has-post-thumbnail hentry category-infantil\">\n<div class=\"fusion-post-wrapper\" style=\"background-color:rgba(255,255,255,0);border:none;\">\n\n\t\t\t<div class=\"fusion-flexslider flexslider fusion-flexslider-loading fusion-post-slideshow\" style=\"border-color:rgba(255,255,255,0);\">\n\t\t<ul class=\"slides\">\n\t\t\t\n\t\t\t\t\t\t\t\t\t\t\t\t\t\t<li><div  class=\"fusion-image-wrapper\" aria-haspopup=\"true\">\n\t\t\t\t<img decoding=\"async\" width=\"800\" height=\"400\" src=\"https:\/\/i0.wp.com\/www.elielfigueiredo.com.br\/wp-content\/uploads\/2020\/09\/quais-sao-as-complicacoes-da-obesidade-infantil-capa.webp?fit=800%2C400&amp;ssl=1\" class=\"attachment-full size-full lazyload wp-post-image\" alt=\"\" srcset=\"data:image\/svg+xml,%3Csvg%20xmlns%3D%27http%3A%2F%2Fwww.w3.org%2F2000%2Fsvg%27%20width%3D%27800%27%20height%3D%27400%27%20viewBox%3D%270%200%20800%20400%27%3E%3Crect%20width%3D%27800%27%20height%3D%27400%27%20fill-opacity%3D%220%22%2F%3E%3C%2Fsvg%3E\" data-orig-src=\"https:\/\/i0.wp.com\/www.elielfigueiredo.com.br\/wp-content\/uploads\/2020\/09\/quais-sao-as-complicacoes-da-obesidade-infantil-capa.webp?fit=800%2C400&amp;ssl=1\" data-srcset=\"https:\/\/i0.wp.com\/www.elielfigueiredo.com.br\/wp-content\/uploads\/2020\/09\/quais-sao-as-complicacoes-da-obesidade-infantil-capa.webp?resize=200%2C100&amp;ssl=1 200w, https:\/\/i0.wp.com\/www.elielfigueiredo.com.br\/wp-content\/uploads\/2020\/09\/quais-sao-as-complicacoes-da-obesidade-infantil-capa.webp?resize=300%2C150&amp;ssl=1 300w, https:\/\/i0.wp.com\/www.elielfigueiredo.com.br\/wp-content\/uploads\/2020\/09\/quais-sao-as-complicacoes-da-obesidade-infantil-capa.webp?resize=400%2C200&amp;ssl=1 400w, https:\/\/i0.wp.com\/www.elielfigueiredo.com.br\/wp-content\/uploads\/2020\/09\/quais-sao-as-complicacoes-da-obesidade-infantil-capa.webp?resize=600%2C300&amp;ssl=1 600w, https:\/\/i0.wp.com\/www.elielfigueiredo.com.br\/wp-content\/uploads\/2020\/09\/quais-sao-as-complicacoes-da-obesidade-infantil-capa.webp?resize=768%2C384&amp;ssl=1 768w, https:\/\/i0.wp.com\/www.elielfigueiredo.com.br\/wp-content\/uploads\/2020\/09\/quais-sao-as-complicacoes-da-obesidade-infantil-capa.webp?fit=800%2C400&amp;ssl=1 800w\" data-sizes=\"auto\" \/><div class=\"fusion-rollover\">\n\t<div class=\"fusion-rollover-content\">\n\n\t\t\t\t\n\t\t\n\t\t\t\t\t\t\t\t\n\t\t\t\t\t\t\t\t\n\t\t\n\t\t\t\t\t\t<a class=\"fusion-link-wrapper\" href=\"https:\/\/www.elielfigueiredo.com.br\/index.php\/2024\/06\/01\/combater-as-causas-profundas-da-obesidade-infantil\/\" aria-label=\"Combater as causas profundas da obesidade infantil\"><\/a>\n\t<\/div>\n<\/div>\n<\/div>\n<\/li>\n\t\t\t\n\t\t\t\n\t\t\t\t\t\t\t\t\t\t\t\t\t\t\t\t\t\t\t\t\t\t\t\t\t\t\t\t\t\t\t\t\t\t\t\t\t\t\t\t\t\t\t\t\t\t\t\t\t\t\t\t\t\t\t\t\t\t\t\t\t\t\t\t\t\t\t\t<\/ul>\n\t<\/div>\n\t<div class=\"fusion-post-content-wrapper\" style=\"padding:30px 25px 0px 30px;\"><div class=\"fusion-post-content post-content\"><h2 class=\"blog-shortcode-post-title entry-title\"><a href=\"https:\/\/www.elielfigueiredo.com.br\/index.php\/2024\/06\/01\/combater-as-causas-profundas-da-obesidade-infantil\/\">Combater as causas profundas da obesidade infantil<\/a><\/h2><p class=\"fusion-single-line-meta\">By <span class=\"vcard\"><span class=\"fn\"><a href=\"https:\/\/www.elielfigueiredo.com.br\/index.php\/author\/sceweb\/\" title=\"Posts de admin\" rel=\"author\">admin<\/a><\/span><\/span><span class=\"fusion-inline-sep\">|<\/span><span class=\"updated\" style=\"display:none;\">2024-07-12T02:12:13+00:00<\/span><span>junho 1, 2024<\/span><span class=\"fusion-inline-sep\">|<\/span>Categories: <a href=\"https:\/\/www.elielfigueiredo.com.br\/index.php\/category\/infantil\/\" rel=\"category tag\">infantil<\/a><span class=\"fusion-inline-sep\">|<\/span><\/p><div class=\"fusion-content-sep sep-single sep-solid\"><\/div><div class=\"fusion-post-content-container\"><p>Curabitur ac leo nunc vestibulum mauris vel ante finibus maximus nec ut leo integer consectetur luctus.<\/p><\/div><\/div><div class=\"fusion-meta-info\"><div class=\"fusion-alignleft\"><a class=\"fusion-read-more\" href=\"https:\/\/www.elielfigueiredo.com.br\/index.php\/2024\/06\/01\/combater-as-causas-profundas-da-obesidade-infantil\/\" aria-label=\"More on Combater as causas profundas da obesidade infantil\">Read More<\/a><\/div><div class=\"fusion-alignright\"><span>Coment\u00e1rios desativados<span class=\"screen-reader-text\"> em Combater as causas profundas da obesidade infantil<\/span><\/span><\/div><\/div><\/div><div class=\"fusion-clearfix\"><\/div><\/div>\n<\/article>\n<article id=\"blog-1-post-1012\" class=\"fusion-post-grid post-1012 post type-post status-publish format-standard has-post-thumbnail hentry category-doencas\">\n<div class=\"fusion-post-wrapper\" style=\"background-color:rgba(255,255,255,0);border:none;\">\n\n\t\t\t<div class=\"fusion-flexslider flexslider fusion-flexslider-loading fusion-post-slideshow\" style=\"border-color:rgba(255,255,255,0);\">\n\t\t<ul class=\"slides\">\n\t\t\t\n\t\t\t\t\t\t\t\t\t\t\t\t\t\t<li><div  class=\"fusion-image-wrapper\" aria-haspopup=\"true\">\n\t\t\t\t<img decoding=\"async\" width=\"999\" height=\"561\" src=\"https:\/\/i0.wp.com\/www.elielfigueiredo.com.br\/wp-content\/uploads\/2020\/09\/mao-no-coracao.webp?fit=999%2C561&amp;ssl=1\" class=\"attachment-full size-full lazyload wp-post-image\" alt=\"\" srcset=\"data:image\/svg+xml,%3Csvg%20xmlns%3D%27http%3A%2F%2Fwww.w3.org%2F2000%2Fsvg%27%20width%3D%27999%27%20height%3D%27561%27%20viewBox%3D%270%200%20999%20561%27%3E%3Crect%20width%3D%27999%27%20height%3D%27561%27%20fill-opacity%3D%220%22%2F%3E%3C%2Fsvg%3E\" data-orig-src=\"https:\/\/i0.wp.com\/www.elielfigueiredo.com.br\/wp-content\/uploads\/2020\/09\/mao-no-coracao.webp?fit=999%2C561&amp;ssl=1\" data-srcset=\"https:\/\/i0.wp.com\/www.elielfigueiredo.com.br\/wp-content\/uploads\/2020\/09\/mao-no-coracao.webp?resize=200%2C112&amp;ssl=1 200w, https:\/\/i0.wp.com\/www.elielfigueiredo.com.br\/wp-content\/uploads\/2020\/09\/mao-no-coracao.webp?resize=300%2C168&amp;ssl=1 300w, https:\/\/i0.wp.com\/www.elielfigueiredo.com.br\/wp-content\/uploads\/2020\/09\/mao-no-coracao.webp?resize=400%2C225&amp;ssl=1 400w, https:\/\/i0.wp.com\/www.elielfigueiredo.com.br\/wp-content\/uploads\/2020\/09\/mao-no-coracao.webp?resize=600%2C337&amp;ssl=1 600w, https:\/\/i0.wp.com\/www.elielfigueiredo.com.br\/wp-content\/uploads\/2020\/09\/mao-no-coracao.webp?resize=768%2C431&amp;ssl=1 768w, https:\/\/i0.wp.com\/www.elielfigueiredo.com.br\/wp-content\/uploads\/2020\/09\/mao-no-coracao.webp?resize=800%2C449&amp;ssl=1 800w, https:\/\/i0.wp.com\/www.elielfigueiredo.com.br\/wp-content\/uploads\/2020\/09\/mao-no-coracao.webp?fit=999%2C561&amp;ssl=1 999w\" data-sizes=\"auto\" \/><div class=\"fusion-rollover\">\n\t<div class=\"fusion-rollover-content\">\n\n\t\t\t\t\n\t\t\n\t\t\t\t\t\t\t\t\n\t\t\t\t\t\t\t\t\n\t\t\n\t\t\t\t\t\t<a class=\"fusion-link-wrapper\" href=\"https:\/\/www.elielfigueiredo.com.br\/index.php\/2024\/04\/01\/mudancas-no-estilo-de-vida-para-prevencao-de-ataque-cardiaco\/\" aria-label=\"Mudan\u00e7as no Estilo de Vida para Preven\u00e7\u00e3o de Ataque Card\u00edaco\"><\/a>\n\t<\/div>\n<\/div>\n<\/div>\n<\/li>\n\t\t\t\n\t\t\t\n\t\t\t\t\t\t\t\t\t\t\t\t\t\t\t\t\t\t\t\t\t\t\t\t\t\t\t\t\t\t\t\t\t\t\t\t\t\t\t\t\t\t\t\t\t\t\t\t\t\t\t\t\t\t\t\t\t\t\t\t\t\t\t\t\t\t\t\t<\/ul>\n\t<\/div>\n\t<div class=\"fusion-post-content-wrapper\" style=\"padding:30px 25px 0px 30px;\"><div class=\"fusion-post-content post-content\"><h2 class=\"blog-shortcode-post-title entry-title\"><a href=\"https:\/\/www.elielfigueiredo.com.br\/index.php\/2024\/04\/01\/mudancas-no-estilo-de-vida-para-prevencao-de-ataque-cardiaco\/\">Mudan\u00e7as no Estilo de Vida para Preven\u00e7\u00e3o de Ataque Card\u00edaco<\/a><\/h2><p class=\"fusion-single-line-meta\">By <span class=\"vcard\"><span class=\"fn\"><a href=\"https:\/\/www.elielfigueiredo.com.br\/index.php\/author\/sceweb\/\" title=\"Posts de admin\" rel=\"author\">admin<\/a><\/span><\/span><span class=\"fusion-inline-sep\">|<\/span><span class=\"updated\" style=\"display:none;\">2024-07-12T02:12:23+00:00<\/span><span>abril 1, 2024<\/span><span class=\"fusion-inline-sep\">|<\/span>Categories: <a href=\"https:\/\/www.elielfigueiredo.com.br\/index.php\/category\/doencas\/\" rel=\"category tag\">Doen\u00e7as<\/a><span class=\"fusion-inline-sep\">|<\/span><\/p><div class=\"fusion-content-sep sep-single sep-solid\"><\/div><div class=\"fusion-post-content-container\"><p>Curabitur ac leo nunc vestibulum mauris vel ante finibus maximus nec ut leo integer consectetur luctus.<\/p><\/div><\/div><div class=\"fusion-meta-info\"><div class=\"fusion-alignleft\"><a class=\"fusion-read-more\" href=\"https:\/\/www.elielfigueiredo.com.br\/index.php\/2024\/04\/01\/mudancas-no-estilo-de-vida-para-prevencao-de-ataque-cardiaco\/\" aria-label=\"More on Mudan\u00e7as no Estilo de Vida para Preven\u00e7\u00e3o de Ataque Card\u00edaco\">Read More<\/a><\/div><div class=\"fusion-alignright\"><a href=\"https:\/\/www.elielfigueiredo.com.br\/index.php\/2024\/04\/01\/mudancas-no-estilo-de-vida-para-prevencao-de-ataque-cardiaco\/#respond\"><i class=\"awb-icon-bubbles\" aria-hidden=\"true\"><\/i>&nbsp;0<\/a><\/div><\/div><\/div><div class=\"fusion-clearfix\"><\/div><\/div>\n<\/article>\n<div class=\"fusion-clearfix\"><\/div><\/div><\/div><\/div><\/div><\/div><\/div>\n","protected":false},"excerpt":{"rendered":"","protected":false},"author":1,"featured_media":0,"parent":0,"menu_order":0,"comment_status":"closed","ping_status":"closed","template":"100-width.php","meta":{"footnotes":""},"class_list":["post-46","page","type-page","status-publish","hentry"],"yoast_head":"<!-- This site is optimized with the Yoast SEO plugin v20.9 - https:\/\/yoast.com\/wordpress\/plugins\/seo\/ -->\n<title>Blog - Eliel figueiredo<\/title>\n<meta name=\"robots\" content=\"index, follow, max-snippet:-1, max-image-preview:large, max-video-preview:-1\" \/>\n<link rel=\"canonical\" href=\"https:\/\/www.elielfigueiredo.com.br\/index.php\/blog\/\" \/>\n<meta property=\"og:locale\" content=\"pt_BR\" \/>\n<meta property=\"og:type\" content=\"article\" \/>\n<meta property=\"og:title\" content=\"Blog - Eliel figueiredo\" \/>\n<meta property=\"og:url\" content=\"https:\/\/www.elielfigueiredo.com.br\/index.php\/blog\/\" \/>\n<meta property=\"og:site_name\" content=\"Eliel figueiredo\" \/>\n<meta property=\"article:modified_time\" content=\"2024-07-12T02:16:06+00:00\" \/>\n<meta name=\"twitter:card\" content=\"summary_large_image\" \/>\n<meta name=\"twitter:label1\" content=\"Est. tempo de leitura\" \/>\n\t<meta name=\"twitter:data1\" content=\"2 minutos\" \/>\n<script type=\"application\/ld+json\" class=\"yoast-schema-graph\">{\"@context\":\"https:\/\/schema.org\",\"@graph\":[{\"@type\":\"WebPage\",\"@id\":\"https:\/\/www.elielfigueiredo.com.br\/index.php\/blog\/\",\"url\":\"https:\/\/www.elielfigueiredo.com.br\/index.php\/blog\/\",\"name\":\"Blog - Eliel figueiredo\",\"isPartOf\":{\"@id\":\"https:\/\/www.elielfigueiredo.com.br\/#website\"},\"datePublished\":\"2020-08-20T18:08:41+00:00\",\"dateModified\":\"2024-07-12T02:16:06+00:00\",\"breadcrumb\":{\"@id\":\"https:\/\/www.elielfigueiredo.com.br\/index.php\/blog\/#breadcrumb\"},\"inLanguage\":\"pt-BR\",\"potentialAction\":[{\"@type\":\"ReadAction\",\"target\":[\"https:\/\/www.elielfigueiredo.com.br\/index.php\/blog\/\"]}]},{\"@type\":\"BreadcrumbList\",\"@id\":\"https:\/\/www.elielfigueiredo.com.br\/index.php\/blog\/#breadcrumb\",\"itemListElement\":[{\"@type\":\"ListItem\",\"position\":1,\"name\":\"In\u00edcio\",\"item\":\"https:\/\/www.elielfigueiredo.com.br\/\"},{\"@type\":\"ListItem\",\"position\":2,\"name\":\"Blog\"}]},{\"@type\":\"WebSite\",\"@id\":\"https:\/\/www.elielfigueiredo.com.br\/#website\",\"url\":\"https:\/\/www.elielfigueiredo.com.br\/\",\"name\":\"Eliel figueiredo\",\"description\":\"Laborat\u00f3rio e Imagem. H\u00e1 mais de 50 anos promovendo sa\u00fade! Central de Atendimento: 21 2450-8200\",\"potentialAction\":[{\"@type\":\"SearchAction\",\"target\":{\"@type\":\"EntryPoint\",\"urlTemplate\":\"https:\/\/www.elielfigueiredo.com.br\/?s={search_term_string}\"},\"query-input\":\"required name=search_term_string\"}],\"inLanguage\":\"pt-BR\"}]}<\/script>\n<!-- \/ Yoast SEO plugin. -->","yoast_head_json":{"title":"Blog - Eliel figueiredo","robots":{"index":"index","follow":"follow","max-snippet":"max-snippet:-1","max-image-preview":"max-image-preview:large","max-video-preview":"max-video-preview:-1"},"canonical":"https:\/\/www.elielfigueiredo.com.br\/index.php\/blog\/","og_locale":"pt_BR","og_type":"article","og_title":"Blog - Eliel figueiredo","og_url":"https:\/\/www.elielfigueiredo.com.br\/index.php\/blog\/","og_site_name":"Eliel figueiredo","article_modified_time":"2024-07-12T02:16:06+00:00","twitter_card":"summary_large_image","twitter_misc":{"Est. tempo de leitura":"2 minutos"},"schema":{"@context":"https:\/\/schema.org","@graph":[{"@type":"WebPage","@id":"https:\/\/www.elielfigueiredo.com.br\/index.php\/blog\/","url":"https:\/\/www.elielfigueiredo.com.br\/index.php\/blog\/","name":"Blog - Eliel figueiredo","isPartOf":{"@id":"https:\/\/www.elielfigueiredo.com.br\/#website"},"datePublished":"2020-08-20T18:08:41+00:00","dateModified":"2024-07-12T02:16:06+00:00","breadcrumb":{"@id":"https:\/\/www.elielfigueiredo.com.br\/index.php\/blog\/#breadcrumb"},"inLanguage":"pt-BR","potentialAction":[{"@type":"ReadAction","target":["https:\/\/www.elielfigueiredo.com.br\/index.php\/blog\/"]}]},{"@type":"BreadcrumbList","@id":"https:\/\/www.elielfigueiredo.com.br\/index.php\/blog\/#breadcrumb","itemListElement":[{"@type":"ListItem","position":1,"name":"In\u00edcio","item":"https:\/\/www.elielfigueiredo.com.br\/"},{"@type":"ListItem","position":2,"name":"Blog"}]},{"@type":"WebSite","@id":"https:\/\/www.elielfigueiredo.com.br\/#website","url":"https:\/\/www.elielfigueiredo.com.br\/","name":"Eliel figueiredo","description":"Laborat\u00f3rio e Imagem. H\u00e1 mais de 50 anos promovendo sa\u00fade! Central de Atendimento: 21 2450-8200","potentialAction":[{"@type":"SearchAction","target":{"@type":"EntryPoint","urlTemplate":"https:\/\/www.elielfigueiredo.com.br\/?s={search_term_string}"},"query-input":"required name=search_term_string"}],"inLanguage":"pt-BR"}]}},"jetpack_sharing_enabled":true,"_links":{"self":[{"href":"https:\/\/www.elielfigueiredo.com.br\/index.php\/wp-json\/wp\/v2\/pages\/46","targetHints":{"allow":["GET"]}}],"collection":[{"href":"https:\/\/www.elielfigueiredo.com.br\/index.php\/wp-json\/wp\/v2\/pages"}],"about":[{"href":"https:\/\/www.elielfigueiredo.com.br\/index.php\/wp-json\/wp\/v2\/types\/page"}],"author":[{"embeddable":true,"href":"https:\/\/www.elielfigueiredo.com.br\/index.php\/wp-json\/wp\/v2\/users\/1"}],"replies":[{"embeddable":true,"href":"https:\/\/www.elielfigueiredo.com.br\/index.php\/wp-json\/wp\/v2\/comments?post=46"}],"version-history":[{"count":16,"href":"https:\/\/www.elielfigueiredo.com.br\/index.php\/wp-json\/wp\/v2\/pages\/46\/revisions"}],"predecessor-version":[{"id":4784,"href":"https:\/\/www.elielfigueiredo.com.br\/index.php\/wp-json\/wp\/v2\/pages\/46\/revisions\/4784"}],"wp:attachment":[{"href":"https:\/\/www.elielfigueiredo.com.br\/index.php\/wp-json\/wp\/v2\/media?parent=46"}],"curies":[{"name":"wp","href":"https:\/\/api.w.org\/{rel}","templated":true}]}}